
{"id":154730,"date":"2025-09-11T12:11:18","date_gmt":"2025-09-11T12:11:18","guid":{"rendered":"https:\/\/www.emporio.si\/p\/sleep-and-eyemask\/"},"modified":"2025-11-10T13:17:33","modified_gmt":"2025-11-10T13:17:33","slug":"maska-za-spanje-in-maska-za-oci","status":"publish","type":"product","link":"https:\/\/www.emporio.si\/si\/p\/maska-za-spanje-in-maska-za-oci\/","title":{"rendered":"Maska za spanje in maska za o\u010di"},"content":{"rendered":"<p>Maska za spanje in o\u010di z notranjo povr\u0161ino iz ko\u017ei prijaznega bomba\u017ea in zunanjo povr\u0161ino iz recikliranega poliestra. Dihajo\u010da in udobna, popolna spremljevalka na potovanjih ali za miren spanec. Zaradi elasti\u010dnega traku se prilega vsem velikostim glave. Priporo\u010dljivo ro\u010dno pranje. Va\u0161 logotip bomo natisnili na zunanjo stran maske.<\/p>","protected":false},"excerpt":{"rendered":"<p>Maska za spanje in o\u010di z notranjo povr\u0161ino iz ko\u017ei prijaznega bomba\u017ea in zunanjo povr\u0161ino iz recikliranega poliestra. Dihajo\u010da in udobna, popolna spremljevalka na potovanjih ali za miren spanec. Zaradi elasti\u010dnega traku se prilega vsem velikostim glave. Priporo\u010dljivo ro\u010dno pranje. Va\u0161 logotip bomo natisnili na zunanjo stran maske.<\/p>","protected":false},"featured_media":154726,"template":"","meta":{"_acf_changed":false,"inline_featured_image":false,"_bst_post_transparent":"","_bst_post_title":"","_bst_post_layout":"","_bst_post_sidebar_id":"","_bst_post_content_style":"","_bst_post_vertical_padding":"","_bst_post_feature":"","_bst_post_feature_position":"","_bst_post_header":false,"_bst_post_footer":false},"product_brand":[],"product_cat":[2498],"product_tag":[],"class_list":{"0":"post-154730","1":"product","2":"type-product","3":"status-publish","4":"has-post-thumbnail","6":"product_cat-travel-accessories","8":"first","9":"instock","10":"taxable","11":"shipping-taxable","12":"purchasable","13":"product-type-variable","14":"entry","15":"content-bg","16":"loop-entry"},"acf":[],"_links":{"self":[{"href":"https:\/\/www.emporio.si\/si\/wp-json\/wp\/v2\/product\/154730","targetHints":{"allow":["GET"]}}],"collection":[{"href":"https:\/\/www.emporio.si\/si\/wp-json\/wp\/v2\/product"}],"about":[{"href":"https:\/\/www.emporio.si\/si\/wp-json\/wp\/v2\/types\/product"}],"wp:featuredmedia":[{"embeddable":true,"href":"https:\/\/www.emporio.si\/si\/wp-json\/wp\/v2\/media\/154726"}],"wp:attachment":[{"href":"https:\/\/www.emporio.si\/si\/wp-json\/wp\/v2\/media?parent=154730"}],"wp:term":[{"taxonomy":"product_brand","embeddable":true,"href":"https:\/\/www.emporio.si\/si\/wp-json\/wp\/v2\/product_brand?post=154730"},{"taxonomy":"product_cat","embeddable":true,"href":"https:\/\/www.emporio.si\/si\/wp-json\/wp\/v2\/product_cat?post=154730"},{"taxonomy":"product_tag","embeddable":true,"href":"https:\/\/www.emporio.si\/si\/wp-json\/wp\/v2\/product_tag?post=154730"}],"curies":[{"name":"wp","href":"https:\/\/api.w.org\/{rel}","templated":true}]}}